{"id":5889,"date":"2026-04-02T15:38:41","date_gmt":"2026-04-02T13:38:41","guid":{"rendered":"https:\/\/ajv.wine\/enoturismo\/"},"modified":"2026-04-02T16:02:29","modified_gmt":"2026-04-02T14:02:29","slug":"enoturismo","status":"publish","type":"page","link":"https:\/\/ajv.wine\/es\/enoturismo\/","title":{"rendered":"Enoturismo"},"content":{"rendered":"<p>[et_pb_section fb_built=\u00bb1&#8243; custom_padding_last_edited=\u00bbon|phone\u00bb admin_label=\u00bbHeader\u00bb _builder_version=\u00bb4.27.5&#8243; _module_preset=\u00bbdefault\u00bb use_background_color_gradient=\u00bbon\u00bb background_color_gradient_direction=\u00bb60deg\u00bb background_color_gradient_stops=\u00bbrgba(0,0,0,0.6) 0%|rgba(0,0,0,0.2) 100%\u00bb background_color_gradient_overlays_image=\u00bbon\u00bb background_image=\u00bbhttps:\/\/ajv.wine\/wp-content\/uploads\/2026\/01\/AJV-Wine-Enoturisme-3.jpg\u00bb custom_padding=\u00bb25vh||10vh||false|false\u00bb custom_padding_tablet=\u00bb10vh||10vh||true|false\u00bb custom_padding_phone=\u00bb10vh||10vh||true|false\u00bb global_colors_info=\u00bb{}\u00bb][et_pb_row module_class=\u00bbcustom_row\u00bb _builder_version=\u00bb4.27.4&#8243; _module_preset=\u00bbdefault\u00bb max_width=\u00bb2560px\u00bb animation_direction=\u00bbbottom\u00bb global_colors_info=\u00bb{}\u00bb][et_pb_column type=\u00bb4_4&#8243; module_class=\u00bbsecond-on-mobile\u00bb _builder_version=\u00bb4.27.4&#8243; _module_preset=\u00bbdefault\u00bb global_colors_info=\u00bb{}\u00bb][et_pb_text admin_label=\u00bbH1 invisible\u00bb _builder_version=\u00bb4.27.5&#8243; _module_preset=\u00bbdefault\u00bb header_text_color=\u00bb#FFFFFF\u00bb header_font_size=\u00bb100px\u00bb text_orientation=\u00bbcenter\u00bb custom_margin=\u00bb0px||60px||false|false\u00bb custom_padding=\u00bb0px||0px||true|false\u00bb header_font_size_tablet=\u00bb80px\u00bb header_font_size_phone=\u00bb52px\u00bb header_font_size_last_edited=\u00bbon|phone\u00bb global_colors_info=\u00bb{}\u00bb]<\/p>\n<h1>Enoturismo<\/h1>\n<p>[\/et_pb_text][\/et_pb_column][\/et_pb_row][\/et_pb_section][et_pb_section fb_built=\u00bb1&#8243; custom_padding_last_edited=\u00bbon|tablet\u00bb admin_label=\u00bbMapa\u00bb _builder_version=\u00bb4.27.5&#8243; _module_preset=\u00bbdefault\u00bb background_color=\u00bb#FFFFFF\u00bb custom_margin=\u00bb-60px||||false|false\u00bb custom_padding=\u00bb20px||||false|false\u00bb custom_padding_tablet=\u00bb30px||||false|false\u00bb custom_padding_phone=\u00bb30px||10px||false|false\u00bb animation_style=\u00bbslide\u00bb animation_direction=\u00bbbottom\u00bb animation_intensity_slide=\u00bb5%\u00bb border_radii=\u00bboff|60px|60px||\u00bb border_radii_tablet=\u00bboff|60px|60px||\u00bb border_radii_phone=\u00bboff|40px|40px||\u00bb border_radii_last_edited=\u00bbon|phone\u00bb locked=\u00bboff\u00bb global_colors_info=\u00bb{}\u00bb][et_pb_row _builder_version=\u00bb4.27.4&#8243; _module_preset=\u00bbdefault\u00bb width=\u00bb100%\u00bb max_width=\u00bb2560px\u00bb custom_margin=\u00bb||20px||false|false\u00bb saved_tabs=\u00bball\u00bb locked=\u00bboff\u00bb global_colors_info=\u00bb{}\u00bb][et_pb_column type=\u00bb4_4&#8243; _builder_version=\u00bb4.27.4&#8243; _module_preset=\u00bbdefault\u00bb global_colors_info=\u00bb{}\u00bb][et_pb_menu menu_id=\u00bb93&#8243; active_link_color=\u00bb#772928&#8243; logo=\u00bbhttps:\/\/ajv.wine\/wp-content\/uploads\/\/2025\/03\/AJV-Wine-Logo-blanc.svg\u00bb logo_url=\u00bb@ET-DC@eyJkeW5hbWljIjp0cnVlLCJjb250ZW50IjoiaG9tZV91cmwiLCJzZXR0aW5ncyI6e319@\u00bb logo_width=\u00bb220px\u00bb disabled_on=\u00bbon|on|off\u00bb _builder_version=\u00bb4.27.5&#8243; _dynamic_attributes=\u00bblogo_url\u00bb _module_preset=\u00bbdefault\u00bb menu_font=\u00bb||||||||\u00bb menu_text_color=\u00bb#772928&#8243; menu_font_size=\u00bb22px\u00bb background_color=\u00bb#FFFFFF\u00bb text_orientation=\u00bbcenter\u00bb custom_margin=\u00bb0px||0px||true|false\u00bb custom_padding=\u00bb5px|10px|5px|10px|true|true\u00bb sticky_position=\u00bbtop\u00bb custom_css_free_form=\u00bbselector a{||  font-family:gimlet-display,serif !important;||  opacity: 1 !important;||}||||selector a:hover{||  opacity: 1 !important;||}||||selector:not(.et_pb_sticky) .et_pb_menu__logo-wrap {||    display: none !important;||}\u00bb global_colors_info=\u00bb{}\u00bb active_link_color__sticky=\u00bb#FFFFFF\u00bb active_link_color__sticky_enabled=\u00bbon|sticky\u00bb menu_text_color__sticky=\u00bb#FFFFFF\u00bb menu_text_color__sticky_enabled=\u00bbon|sticky\u00bb menu_font_size__sticky=\u00bb22px\u00bb menu_font_size__sticky_enabled=\u00bbon|sticky\u00bb background_color__sticky=\u00bb#772928&#8243; background__sticky_enabled=\u00bbon|desktop\u00bb background_enable_color__sticky=\u00bbon\u00bb][\/et_pb_menu][et_pb_menu menu_id=\u00bb93&#8243; active_link_color=\u00bb#772928&#8243; dropdown_menu_bg_color=\u00bb#772928&#8243; dropdown_menu_line_color=\u00bbRGBA(255,255,255,0)\u00bb dropdown_menu_text_color=\u00bb#FFFFFF\u00bb dropdown_menu_active_link_color=\u00bb#E6D7D7&#8243; mobile_menu_bg_color=\u00bb#772928&#8243; mobile_menu_text_color=\u00bb#FFFFFF\u00bb logo=\u00bbhttps:\/\/ajv.wine\/wp-content\/uploads\/\/2025\/03\/AJV-Wine-Logo-blanc.svg\u00bb logo_url=\u00bb@ET-DC@eyJkeW5hbWljIjp0cnVlLCJjb250ZW50IjoiaG9tZV91cmwiLCJzZXR0aW5ncyI6e319@\u00bb logo_width=\u00bb220px\u00bb logo_max_width=\u00bb80%\u00bb cart_icon_color=\u00bb#772928&#8243; search_icon_color=\u00bb#772928&#8243; menu_icon_color=\u00bb#772928&#8243; disabled_on=\u00bboff|off|on\u00bb _builder_version=\u00bb4.27.5&#8243; _dynamic_attributes=\u00bblogo_url\u00bb _module_preset=\u00bbdefault\u00bb menu_font=\u00bb||||||||\u00bb menu_text_color=\u00bb#772928&#8243; menu_font_size=\u00bb22px\u00bb background_color=\u00bb#FFFFFF\u00bb z_index=\u00bb99999999&#8243; custom_margin=\u00bb0px||0px||true|false\u00bb custom_padding=\u00bb10px|30px|10px|30px|true|true\u00bb child_filter_invert=\u00bb100%\u00bb sticky_position=\u00bbtop\u00bb custom_css_free_form=\u00bbselector a{||  font-family:gimlet-display,serif !important;||  opacity: 1 !important;||}||||selector a:hover{||  opacity: 1 !important;||}\u00bb locked=\u00bboff\u00bb global_colors_info=\u00bb{}\u00bb background__sticky_enabled=\u00bbon|sticky\u00bb background_color__sticky=\u00bb#772928&#8243; background_enable_color__sticky=\u00bbon\u00bb active_link_color__sticky_enabled=\u00bbon|sticky\u00bb active_link_color__sticky=\u00bb#E6D7D7&#8243; menu_icon_color__sticky_enabled=\u00bbon|sticky\u00bb menu_icon_color__sticky=\u00bb#FFFFFF\u00bb child_filter_invert__sticky=\u00bb0%\u00bb child_filter_invert__sticky_enabled=\u00bbon|sticky\u00bb][\/et_pb_menu][\/et_pb_column][\/et_pb_row][et_pb_row column_structure=\u00bb1_2,1_2&#8243; make_equal=\u00bbon\u00bb custom_padding_last_edited=\u00bbon|phone\u00bb _builder_version=\u00bb4.27.5&#8243; _module_preset=\u00bbdefault\u00bb max_width=\u00bb2560px\u00bb custom_margin=\u00bb0px||||false|false\u00bb custom_padding=\u00bb0px||||false|false\u00bb custom_padding_tablet=\u00bb0px||||false|false\u00bb custom_padding_phone=\u00bb20px||||false|false\u00bb global_colors_info=\u00bb{}\u00bb][et_pb_column type=\u00bb1_2&#8243; _builder_version=\u00bb4.27.5&#8243; _module_preset=\u00bbdefault\u00bb custom_padding=\u00bb0px|0px|0px|0px|true|true\u00bb global_colors_info=\u00bb{}\u00bb][et_pb_text admin_label=\u00bbH2 invisible\u00bb _builder_version=\u00bb4.27.4&#8243; _module_preset=\u00bbdefault\u00bb header_2_text_color=\u00bbRGBA(255,255,255,0)\u00bb header_2_font_size=\u00bb1px\u00bb custom_margin=\u00bb||0px||false|false\u00bb custom_css_free_form=\u00bbselector strong{||  color: #772928;||}\u00bb global_colors_info=\u00bb{}\u00bb]<\/p>\n<h2>Cont\u00e1ctanos<\/h2>\n<p>[\/et_pb_text][et_pb_text _builder_version=\u00bb4.27.5&#8243; _module_preset=\u00bbdefault\u00bb header_2_text_align=\u00bbleft\u00bb header_2_text_color=\u00bb#772928&#8243; header_2_font_size=\u00bb36px\u00bb header_2_line_height=\u00bb1.2em\u00bb custom_margin=\u00bb-20px||20px||false|false\u00bb header_2_text_align_tablet=\u00bbcenter\u00bb header_2_text_align_phone=\u00bbleft\u00bb header_2_text_align_last_edited=\u00bboff|desktop\u00bb header_2_font_size_tablet=\u00bb30px\u00bb header_2_font_size_phone=\u00bb28px\u00bb header_2_font_size_last_edited=\u00bbon|phone\u00bb text_orientation_last_edited=\u00bboff|phone\u00bb locked=\u00bboff\u00bb global_colors_info=\u00bb{}\u00bb]<\/p>\n<h2>Ven a descubrir vinos excepcionales en el coraz\u00f3n del Priorat<\/h2>\n<p>[\/et_pb_text][et_pb_text _builder_version=\u00bb4.27.4&#8243; _module_preset=\u00bbdefault\u00bb custom_css_free_form=\u00bbselector strong{||  color: #772928;||}\u00bb global_colors_info=\u00bb{}\u00bb]<\/p>\n<p>Te invitamos a conocer de cerca nuestro proyecto, Alicia y Josep Viticultors, nacido entre vi\u00f1edos y arraigado profundamente en el paisaje de Porrera.<\/p>\n<p>Disfrutar\u00e1s de una cata guiada entre vi\u00f1edos en nuestros parajes m\u00e1s singulares, donde nacen nuestros vinos de autor ecol\u00f3gicos.<\/p>\n<p>Cada visita es una experiencia exclusiva y cuidada que combina naturaleza, pasi\u00f3n y territorio, y te invita a desconectar, respirar y disfrutar con calma de grandes vinos que reflejan la esencia del Priorat.<\/p>\n<p>Ven a vivir la experiencia.  <br \/>Ven a descubrir vinos inolvidables.<\/p>\n<p><strong>Es necesaria reserva previa.<br \/><\/strong> Las actividades pueden adaptarse a grupos, visitas privadas, catas profesionales o experiencias a medida.<\/p>\n<p>[\/et_pb_text][\/et_pb_column][et_pb_column type=\u00bb1_2&#8243; _builder_version=\u00bb4.27.5&#8243; _module_preset=\u00bbdefault\u00bb background_image=\u00bbhttps:\/\/ajv.wine\/wp-content\/uploads\/2026\/01\/AJV-Wine-Enoturisme-2.jpg\u00bb global_colors_info=\u00bb{}\u00bb][et_pb_divider show_divider=\u00bboff\u00bb _builder_version=\u00bb4.27.5&#8243; _module_preset=\u00bbdefault\u00bb height=\u00bb250px\u00bb global_colors_info=\u00bb{}\u00bb][\/et_pb_divider][\/et_pb_column][\/et_pb_row][\/et_pb_section][et_pb_section fb_built=\u00bb1&#8243; custom_padding_last_edited=\u00bbon|phone\u00bb admin_label=\u00bbExperi\u00e8ncies\u00bb _builder_version=\u00bb4.27.5&#8243; _module_preset=\u00bbdefault\u00bb custom_padding=\u00bb||60px||false|false\u00bb custom_padding_tablet=\u00bb0px||60px||false|false\u00bb custom_padding_phone=\u00bb||30px||false|false\u00bb locked=\u00bboff\u00bb global_colors_info=\u00bb{}\u00bb][et_pb_row _builder_version=\u00bb4.27.4&#8243; _module_preset=\u00bbdefault\u00bb width=\u00bb70%\u00bb width_tablet=\u00bb80%\u00bb width_phone=\u00bb80%\u00bb width_last_edited=\u00bbon|tablet\u00bb custom_padding=\u00bb||0px||false|false\u00bb locked=\u00bboff\u00bb global_colors_info=\u00bb{}\u00bb][et_pb_column type=\u00bb4_4&#8243; _builder_version=\u00bb4.27.4&#8243; _module_preset=\u00bbdefault\u00bb global_colors_info=\u00bb{}\u00bb][et_pb_text _builder_version=\u00bb4.27.5&#8243; _module_preset=\u00bbdefault\u00bb header_2_text_align=\u00bbcenter\u00bb header_2_text_color=\u00bb#772928&#8243; header_2_font_size=\u00bb40px\u00bb custom_margin=\u00bb||0px||false|false\u00bb header_2_text_align_tablet=\u00bbcenter\u00bb header_2_text_align_phone=\u00bbleft\u00bb header_2_text_align_last_edited=\u00bbon|phone\u00bb header_2_font_size_tablet=\u00bb30px\u00bb header_2_font_size_phone=\u00bb28px\u00bb header_2_font_size_last_edited=\u00bbon|phone\u00bb text_orientation_last_edited=\u00bboff|phone\u00bb global_colors_info=\u00bb{}\u00bb]<\/p>\n<h2>Opciones de visita<\/h2>\n<p>[\/et_pb_text][\/et_pb_column][\/et_pb_row][et_pb_row column_structure=\u00bb1_4,1_4,1_4,1_4&#8243; use_custom_gutter=\u00bbon\u00bb gutter_width=\u00bb2&#8243; make_equal=\u00bbon\u00bb custom_padding_last_edited=\u00bbon|tablet\u00bb _builder_version=\u00bb4.27.5&#8243; _module_preset=\u00bbdefault\u00bb width=\u00bb85%\u00bb width_tablet=\u00bb80%\u00bb width_phone=\u00bb75%\u00bb width_last_edited=\u00bbon|phone\u00bb max_width=\u00bb2560px\u00bb custom_padding_tablet=\u00bb||0px||false|false\u00bb custom_padding_phone=\u00bb||0px||false|false\u00bb custom_css_main_element=\u00bbtext-align: center;\u00bb global_colors_info=\u00bb{}\u00bb][et_pb_column type=\u00bb1_4&#8243; _builder_version=\u00bb4.27.5&#8243; _module_preset=\u00bbdefault\u00bb background_color=\u00bb#E6D7D7&#8243; custom_padding=\u00bb20px|20px|20px|20px|true|true\u00bb custom_padding_tablet=\u00bb20px|20px|20px|20px|true|true\u00bb custom_padding_phone=\u00bb15px|15px|15px|15px|true|true\u00bb custom_padding_last_edited=\u00bbon|phone\u00bb global_colors_info=\u00bb{}\u00bb][et_pb_divider show_divider=\u00bboff\u00bb _builder_version=\u00bb4.27.5&#8243; _module_preset=\u00bbdefault\u00bb background_image=\u00bbhttps:\/\/ajv.wine\/wp-content\/uploads\/2025\/03\/AJV-Wine-Experiencia-Tast-al-paratge-Tentiber-1.jpg\u00bb height=\u00bb180px\u00bb custom_margin=\u00bb||30px||false|false\u00bb global_colors_info=\u00bb{}\u00bb custom_margin__hover_enabled=\u00bboff|desktop\u00bb][\/et_pb_divider][et_pb_blurb title=\u00bbCata en el paraje Tentiber\u00bb image_icon_width=\u00bb100%\u00bb content_max_width=\u00bb100%\u00bb image_icon_width_tablet=\u00bb100%\u00bb image_icon_width_phone=\u00bb100%\u00bb image_icon_width_last_edited=\u00bbon|tablet\u00bb admin_label=\u00bbVisita\u00bb _builder_version=\u00bb4.27.5&#8243; _module_preset=\u00bbdefault\u00bb header_level=\u00bbh3&#8243; header_font=\u00bb|600|||||||\u00bb header_text_color=\u00bb#772928&#8243; header_font_size=\u00bb22px\u00bb body_font_size=\u00bb18px\u00bb body_line_height=\u00bb1.4em\u00bb text_orientation=\u00bbcenter\u00bb custom_margin=\u00bb||0px||false|false\u00bb animation=\u00bboff\u00bb border_radii_image=\u00bbon|0%|0%|0%|0%\u00bb global_colors_info=\u00bb{}\u00bb]<\/p>\n<p>Paseo entre vi\u00f1edos + cata de 3 vinos seleccionados de la bodega + Degustaci\u00f3n de productos de proximidad<\/p>\n<p>&nbsp;<\/p>\n<p>&nbsp;<\/p>\n<p>[\/et_pb_blurb][et_pb_divider color=\u00bb#FFFFFF\u00bb divider_position=\u00bbcenter\u00bb _builder_version=\u00bb4.27.5&#8243; _module_preset=\u00bbdefault\u00bb custom_margin=\u00bb0px||0px||true|false\u00bb custom_padding=\u00bb0px||0px||true|false\u00bb global_colors_info=\u00bb{}\u00bb][\/et_pb_divider][et_pb_text _builder_version=\u00bb4.27.5&#8243; _module_preset=\u00bbdefault\u00bb text_font_size=\u00bb18px\u00bb text_line_height=\u00bb1.4em\u00bb text_orientation=\u00bbcenter\u00bb custom_margin=\u00bb||0px||false|false\u00bb global_colors_info=\u00bb{}\u00bb]<\/p>\n<p>Duraci\u00f3n: 2h<\/p>\n<p>[\/et_pb_text][et_pb_divider color=\u00bb#FFFFFF\u00bb divider_position=\u00bbcenter\u00bb _builder_version=\u00bb4.27.5&#8243; _module_preset=\u00bbdefault\u00bb custom_margin=\u00bb0px||0px||true|false\u00bb custom_padding=\u00bb0px||0px||true|false\u00bb global_colors_info=\u00bb{}\u00bb][\/et_pb_divider][et_pb_text _builder_version=\u00bb4.27.5&#8243; _module_preset=\u00bbdefault\u00bb text_text_color=\u00bb#772928&#8243; custom_margin=\u00bb|10px|10px||false|false\u00bb custom_css_main_element=\u00bb  display: inline-block !important;\u00bb custom_css_free_form=\u00bbselector p{||  font-family: gimlet-display,serif !important;||}\u00bb global_colors_info=\u00bb{}\u00bb]<\/p>\n<p>Precio total:<\/p>\n<p>[\/et_pb_text][et_pb_wc_price product=\u00bb2921&#8243; _builder_version=\u00bb4.27.5&#8243; _module_preset=\u00bbdefault\u00bb body_font=\u00bb|700|||||||\u00bb body_text_color=\u00bb#772928&#8243; body_font_size=\u00bb20px\u00bb custom_margin=\u00bb||10px||false|false\u00bb custom_css_main_element=\u00bbdisplay: inline-block;\u00bb custom_css_free_form=\u00bbselector p{||  font-family: gimlet-display,serif !important;||  }\u00bb global_colors_info=\u00bb{}\u00bb][\/et_pb_wc_price][et_pb_text _builder_version=\u00bb4.27.5&#8243; _module_preset=\u00bbdefault\u00bb text_font_size=\u00bb18px\u00bb text_orientation=\u00bbcenter\u00bb custom_margin=\u00bb||0px||false|false\u00bb global_colors_info=\u00bb{}\u00bb]<\/p>\n<p>\u00bfVienes en familia? Ni\u00f1os 12\u20ac <\/p>\n<p>[\/et_pb_text][et_pb_divider color=\u00bb#FFFFFF\u00bb divider_position=\u00bbcenter\u00bb _builder_version=\u00bb4.27.5&#8243; _module_preset=\u00bbdefault\u00bb custom_margin=\u00bb0px||0px||true|false\u00bb custom_padding=\u00bb0px||0px||true|false\u00bb locked=\u00bboff\u00bb global_colors_info=\u00bb{}\u00bb][\/et_pb_divider][et_pb_text _builder_version=\u00bb4.27.5&#8243; _module_preset=\u00bbdefault\u00bb text_font_size=\u00bb18px\u00bb text_line_height=\u00bb1.4em\u00bb text_orientation=\u00bbcenter\u00bb custom_margin=\u00bb||0px||false|false\u00bb global_colors_info=\u00bb{}\u00bb]<\/p>\n<p>Se recomienda llevar calzado c\u00f3modo.<\/p>\n<p>[\/et_pb_text][et_pb_button button_url=\u00bb#reserva\u00bb button_text=\u00bbReserva\u00bb _builder_version=\u00bb4.27.5&#8243; _module_preset=\u00bbdefault\u00bb custom_button=\u00bbon\u00bb custom_margin=\u00bb20px||20px||false|false\u00bb global_colors_info=\u00bb{}\u00bb][\/et_pb_button][\/et_pb_column][et_pb_column type=\u00bb1_4&#8243; _builder_version=\u00bb4.27.5&#8243; _module_preset=\u00bbdefault\u00bb background_color=\u00bb#E6D7D7&#8243; custom_padding=\u00bb20px|20px|20px|20px|true|true\u00bb custom_padding_tablet=\u00bb20px|20px|20px|20px|true|true\u00bb custom_padding_phone=\u00bb15px|15px|15px|15px|true|true\u00bb custom_padding_last_edited=\u00bbon|phone\u00bb global_colors_info=\u00bb{}\u00bb][et_pb_divider show_divider=\u00bboff\u00bb _builder_version=\u00bb4.27.5&#8243; _module_preset=\u00bbdefault\u00bb background_image=\u00bbhttps:\/\/ajv.wine\/wp-content\/uploads\/2026\/01\/AJV-Wine-Enoturisme-tast-premium-trek.jpg\u00bb height=\u00bb180px\u00bb custom_margin=\u00bb||30px||false|false\u00bb global_colors_info=\u00bb{}\u00bb][\/et_pb_divider][et_pb_blurb title=\u00bbTentiber Premium Trek: vino, paisaje y silencio\u00bb image_icon_width=\u00bb100%\u00bb content_max_width=\u00bb100%\u00bb image_icon_width_tablet=\u00bb100%\u00bb image_icon_width_phone=\u00bb100%\u00bb image_icon_width_last_edited=\u00bbon|tablet\u00bb admin_label=\u00bbVisita\u00bb _builder_version=\u00bb4.27.5&#8243; _module_preset=\u00bbdefault\u00bb header_level=\u00bbh3&#8243; header_font=\u00bb|600|||||||\u00bb header_text_color=\u00bb#772928&#8243; header_font_size=\u00bb22px\u00bb body_font_size=\u00bb18px\u00bb body_line_height=\u00bb1.4em\u00bb text_orientation=\u00bbcenter\u00bb custom_margin=\u00bb||0px||false|false\u00bb animation=\u00bboff\u00bb border_radii_image=\u00bbon|0%|0%|0%|0%\u00bb global_colors_info=\u00bb{}\u00bb]<\/p>\n<p>Ruta de Trekking paraje Tentiber + cata de 3 vinos seleccionados de la bodega + Degustaci\u00f3n de productos de proximidad<\/p>\n<p><span style=\"font-size: 14px;\">Ruta: 2,5 \u2013 5 km. Desnivel de 150m <\/span><\/p>\n<p>[\/et_pb_blurb][et_pb_divider color=\u00bb#FFFFFF\u00bb divider_position=\u00bbcenter\u00bb _builder_version=\u00bb4.27.5&#8243; _module_preset=\u00bbdefault\u00bb custom_margin=\u00bb0px||0px||true|false\u00bb custom_padding=\u00bb0px||0px||true|false\u00bb global_colors_info=\u00bb{}\u00bb][\/et_pb_divider][et_pb_text _builder_version=\u00bb4.27.5&#8243; _module_preset=\u00bbdefault\u00bb text_font_size=\u00bb18px\u00bb text_line_height=\u00bb1.4em\u00bb text_orientation=\u00bbcenter\u00bb custom_margin=\u00bb||0px||false|false\u00bb global_colors_info=\u00bb{}\u00bb]<\/p>\n<p>Duraci\u00f3n: 4-5h<\/p>\n<p>[\/et_pb_text][et_pb_divider color=\u00bb#FFFFFF\u00bb divider_position=\u00bbcenter\u00bb _builder_version=\u00bb4.27.5&#8243; _module_preset=\u00bbdefault\u00bb custom_margin=\u00bb0px||0px||true|false\u00bb custom_padding=\u00bb0px||0px||true|false\u00bb global_colors_info=\u00bb{}\u00bb][\/et_pb_divider][et_pb_text _builder_version=\u00bb4.27.5&#8243; _module_preset=\u00bbdefault\u00bb text_text_color=\u00bb#772928&#8243; custom_margin=\u00bb|10px|10px||false|false\u00bb custom_css_main_element=\u00bb  display: inline-block !important;\u00bb custom_css_free_form=\u00bbselector p{||  font-family: gimlet-display,serif !important;||}\u00bb global_colors_info=\u00bb{}\u00bb]<\/p>\n<p>Precio total:<\/p>\n<p>[\/et_pb_text][et_pb_wc_price product=\u00bb2907&#8243; _builder_version=\u00bb4.27.5&#8243; _module_preset=\u00bbdefault\u00bb body_font=\u00bb|700|||||||\u00bb body_text_color=\u00bb#772928&#8243; body_font_size=\u00bb20px\u00bb custom_margin=\u00bb||20px||false|false\u00bb custom_css_main_element=\u00bbdisplay: inline-block;\u00bb custom_css_free_form=\u00bbselector p{||  font-family: gimlet-display,serif !important;||  }\u00bb global_colors_info=\u00bb{}\u00bb][\/et_pb_wc_price][et_pb_divider color=\u00bb#FFFFFF\u00bb divider_position=\u00bbcenter\u00bb _builder_version=\u00bb4.27.5&#8243; _module_preset=\u00bbdefault\u00bb custom_margin=\u00bb-10px||0px||false|false\u00bb custom_padding=\u00bb0px||0px||true|false\u00bb locked=\u00bboff\u00bb global_colors_info=\u00bb{}\u00bb][\/et_pb_divider][et_pb_text _builder_version=\u00bb4.27.5&#8243; _module_preset=\u00bbdefault\u00bb text_font_size=\u00bb18px\u00bb text_line_height=\u00bb1.4em\u00bb text_orientation=\u00bbcenter\u00bb custom_margin=\u00bb||0px||false|false\u00bb global_colors_info=\u00bb{}\u00bb]<\/p>\n<p>Se recomienda calzado de trekking o media monta\u00f1a.<\/p>\n<p>[\/et_pb_text][et_pb_button button_url=\u00bb#reserva\u00bb button_text=\u00bbReserva\u00bb _builder_version=\u00bb4.27.5&#8243; _module_preset=\u00bbdefault\u00bb custom_button=\u00bbon\u00bb custom_margin=\u00bb20px||20px||false|false\u00bb global_colors_info=\u00bb{}\u00bb][\/et_pb_button][\/et_pb_column][et_pb_column type=\u00bb1_4&#8243; _builder_version=\u00bb4.27.5&#8243; _module_preset=\u00bbdefault\u00bb background_color=\u00bb#E6D7D7&#8243; custom_padding=\u00bb20px|20px|20px|20px|true|true\u00bb global_colors_info=\u00bb{}\u00bb][et_pb_divider show_divider=\u00bboff\u00bb _builder_version=\u00bb4.27.5&#8243; _module_preset=\u00bbdefault\u00bb background_image=\u00bbhttps:\/\/ajv.wine\/wp-content\/uploads\/2026\/01\/AJV-Wine-Enoturisme-tast-vins-alicia-i-josep-1.jpg\u00bb background_position=\u00bbbottom_center\u00bb height=\u00bb180px\u00bb custom_margin=\u00bb||30px||false|false\u00bb locked=\u00bboff\u00bb global_colors_info=\u00bb{}\u00bb][\/et_pb_divider][et_pb_blurb title=\u00bbDescubre los vinos de Alicia y Josep\u00bb image_icon_width=\u00bb100%\u00bb content_max_width=\u00bb100%\u00bb image_icon_width_tablet=\u00bb100%\u00bb image_icon_width_phone=\u00bb100%\u00bb image_icon_width_last_edited=\u00bbon|tablet\u00bb admin_label=\u00bbVisita\u00bb _builder_version=\u00bb4.27.5&#8243; _module_preset=\u00bbdefault\u00bb header_level=\u00bbh3&#8243; header_font=\u00bb|600|||||||\u00bb header_text_color=\u00bb#772928&#8243; header_font_size=\u00bb22px\u00bb body_font_size=\u00bb18px\u00bb body_line_height=\u00bb1.4em\u00bb text_orientation=\u00bbcenter\u00bb custom_margin=\u00bb||0px||false|false\u00bb animation=\u00bboff\u00bb border_radii_image=\u00bbon|0%|0%|0%|0%\u00bb global_colors_info=\u00bb{}\u00bb]<\/p>\n<p>Paseo entre vi\u00f1edos + cata de 6 vinos (Class blanco, Alice Le Ros\u00e9, Class tinto, Iroik, 10 Llunes, Tentiber) +<br \/> Degustaci\u00f3n de productos<\/p>\n<p>&nbsp;<\/p>\n<p>[\/et_pb_blurb][et_pb_divider color=\u00bb#FFFFFF\u00bb divider_position=\u00bbcenter\u00bb _builder_version=\u00bb4.27.5&#8243; _module_preset=\u00bbdefault\u00bb custom_margin=\u00bb0px||0px||true|false\u00bb custom_padding=\u00bb0px||0px||true|false\u00bb global_colors_info=\u00bb{}\u00bb][\/et_pb_divider][et_pb_text _builder_version=\u00bb4.27.5&#8243; _module_preset=\u00bbdefault\u00bb text_font_size=\u00bb18px\u00bb text_line_height=\u00bb1.4em\u00bb text_orientation=\u00bbcenter\u00bb custom_margin=\u00bb||0px||false|false\u00bb global_colors_info=\u00bb{}\u00bb]<\/p>\n<p>Duraci\u00f3n: 2h<\/p>\n<p>[\/et_pb_text][et_pb_divider color=\u00bb#FFFFFF\u00bb divider_position=\u00bbcenter\u00bb _builder_version=\u00bb4.27.5&#8243; _module_preset=\u00bbdefault\u00bb custom_margin=\u00bb0px||0px||true|false\u00bb custom_padding=\u00bb0px||0px||true|false\u00bb global_colors_info=\u00bb{}\u00bb][\/et_pb_divider][et_pb_text _builder_version=\u00bb4.27.5&#8243; _module_preset=\u00bbdefault\u00bb text_text_color=\u00bb#772928&#8243; custom_margin=\u00bb|10px|10px||false|false\u00bb custom_css_main_element=\u00bb  display: inline-block !important;\u00bb custom_css_free_form=\u00bbselector p{||  font-family: gimlet-display,serif !important;||}\u00bb global_colors_info=\u00bb{}\u00bb]<\/p>\n<p>Precio total:<\/p>\n<p>[\/et_pb_text][et_pb_wc_price product=\u00bb2896&#8243; _builder_version=\u00bb4.27.5&#8243; _module_preset=\u00bbdefault\u00bb body_font=\u00bb|700|||||||\u00bb body_text_color=\u00bb#772928&#8243; body_font_size=\u00bb20px\u00bb custom_margin=\u00bb||10px||false|false\u00bb custom_css_main_element=\u00bbdisplay: inline-block;\u00bb custom_css_free_form=\u00bbselector p{||  font-family: gimlet-display,serif !important;||  }\u00bb global_colors_info=\u00bb{}\u00bb][\/et_pb_wc_price][et_pb_divider color=\u00bb#FFFFFF\u00bb divider_position=\u00bbcenter\u00bb _builder_version=\u00bb4.27.5&#8243; _module_preset=\u00bbdefault\u00bb custom_margin=\u00bb-10px||0px||false|false\u00bb custom_padding=\u00bb0px||0px||true|false\u00bb locked=\u00bboff\u00bb global_colors_info=\u00bb{}\u00bb][\/et_pb_divider][et_pb_text _builder_version=\u00bb4.27.5&#8243; _module_preset=\u00bbdefault\u00bb text_font_size=\u00bb18px\u00bb text_line_height=\u00bb1.4em\u00bb text_orientation=\u00bbcenter\u00bb custom_margin=\u00bb||0px||false|false\u00bb global_colors_info=\u00bb{}\u00bb]<\/p>\n<p>Se recomienda llevar calzado c\u00f3modo.<\/p>\n<p>[\/et_pb_text][et_pb_button button_url=\u00bb#reserva\u00bb button_text=\u00bbReserva\u00bb _builder_version=\u00bb4.27.5&#8243; _module_preset=\u00bbdefault\u00bb custom_button=\u00bbon\u00bb custom_margin=\u00bb20px||20px||false|false\u00bb global_colors_info=\u00bb{}\u00bb][\/et_pb_button][\/et_pb_column][et_pb_column type=\u00bb1_4&#8243; _builder_version=\u00bb4.27.5&#8243; _module_preset=\u00bbdefault\u00bb background_color=\u00bb#E6D7D7&#8243; custom_padding=\u00bb20px|20px|20px|20px|true|true\u00bb global_colors_info=\u00bb{}\u00bb][et_pb_divider show_divider=\u00bboff\u00bb _builder_version=\u00bb4.27.5&#8243; _module_preset=\u00bbdefault\u00bb background_image=\u00bbhttps:\/\/ajv.wine\/wp-content\/uploads\/2026\/01\/AJV-Wine-Enoturisme-tast-vins-de-paratge.jpg\u00bb height=\u00bb180px\u00bb custom_margin=\u00bb||30px||false|false\u00bb locked=\u00bboff\u00bb global_colors_info=\u00bb{}\u00bb][\/et_pb_divider][et_pb_blurb title=\u00bbVinos de paraje excepcionales: nuestro origen\u00bb image_icon_width=\u00bb100%\u00bb content_max_width=\u00bb100%\u00bb image_icon_width_tablet=\u00bb100%\u00bb image_icon_width_phone=\u00bb100%\u00bb image_icon_width_last_edited=\u00bbon|tablet\u00bb admin_label=\u00bbVisita\u00bb _builder_version=\u00bb4.27.5&#8243; _module_preset=\u00bbdefault\u00bb header_level=\u00bbh3&#8243; header_font=\u00bb|600|||||||\u00bb header_text_color=\u00bb#772928&#8243; header_font_size=\u00bb22px\u00bb body_font_size=\u00bb18px\u00bb body_line_height=\u00bb1.4em\u00bb text_orientation=\u00bbcenter\u00bb custom_margin=\u00bb||0px||false|false\u00bb animation=\u00bboff\u00bb border_radii_image=\u00bbon|0%|0%|0%|0%\u00bb global_colors_info=\u00bb{}\u00bb]<\/p>\n<p>Paseo vi\u00f1edo + cata de 4 vinos premium (Tentiber 2018, Tentiber 2019, Tentiber 2020, Perer 2021) + Degustaci\u00f3n de productos<\/p>\n<p>&nbsp;<\/p>\n<p>[\/et_pb_blurb][et_pb_divider color=\u00bb#FFFFFF\u00bb divider_position=\u00bbcenter\u00bb _builder_version=\u00bb4.27.5&#8243; _module_preset=\u00bbdefault\u00bb custom_margin=\u00bb0px||0px||true|false\u00bb custom_padding=\u00bb0px||0px||true|false\u00bb global_colors_info=\u00bb{}\u00bb][\/et_pb_divider][et_pb_text _builder_version=\u00bb4.27.5&#8243; _module_preset=\u00bbdefault\u00bb text_font_size=\u00bb18px\u00bb text_line_height=\u00bb1.4em\u00bb text_orientation=\u00bbcenter\u00bb custom_margin=\u00bb||0px||false|false\u00bb global_colors_info=\u00bb{}\u00bb]<\/p>\n<p>Duraci\u00f3n: 2h<\/p>\n<p>[\/et_pb_text][et_pb_divider color=\u00bb#FFFFFF\u00bb divider_position=\u00bbcenter\u00bb _builder_version=\u00bb4.27.5&#8243; _module_preset=\u00bbdefault\u00bb custom_margin=\u00bb0px||0px||true|false\u00bb custom_padding=\u00bb0px||0px||true|false\u00bb global_colors_info=\u00bb{}\u00bb][\/et_pb_divider][et_pb_text _builder_version=\u00bb4.27.5&#8243; _module_preset=\u00bbdefault\u00bb text_text_color=\u00bb#772928&#8243; custom_margin=\u00bb|10px|10px||false|false\u00bb custom_css_main_element=\u00bb  display: inline-block !important;\u00bb custom_css_free_form=\u00bbselector p{||  font-family: gimlet-display,serif !important;||}\u00bb global_colors_info=\u00bb{}\u00bb]<\/p>\n<p>Precio total:<\/p>\n<p>[\/et_pb_text][et_pb_wc_price product=\u00bb5165&#8243; _builder_version=\u00bb4.27.5&#8243; _module_preset=\u00bbdefault\u00bb body_font=\u00bb|700|||||||\u00bb body_text_color=\u00bb#772928&#8243; body_font_size=\u00bb20px\u00bb custom_margin=\u00bb||20px||false|false\u00bb custom_css_main_element=\u00bbdisplay: inline-block;\u00bb custom_css_free_form=\u00bbselector p{||  font-family: gimlet-display,serif !important;||  }\u00bb global_colors_info=\u00bb{}\u00bb][\/et_pb_wc_price][et_pb_divider color=\u00bb#FFFFFF\u00bb divider_position=\u00bbcenter\u00bb _builder_version=\u00bb4.27.5&#8243; _module_preset=\u00bbdefault\u00bb custom_margin=\u00bb-10px||0px||false|false\u00bb custom_padding=\u00bb0px||0px||true|false\u00bb locked=\u00bboff\u00bb global_colors_info=\u00bb{}\u00bb][\/et_pb_divider][et_pb_text _builder_version=\u00bb4.27.5&#8243; _module_preset=\u00bbdefault\u00bb text_font_size=\u00bb18px\u00bb text_line_height=\u00bb1.4em\u00bb text_orientation=\u00bbcenter\u00bb custom_margin=\u00bb||0px||false|false\u00bb global_colors_info=\u00bb{}\u00bb]<\/p>\n<p>Se recomienda llevar calzado c\u00f3modo.<\/p>\n<p>[\/et_pb_text][et_pb_button button_url=\u00bb#reserva\u00bb button_text=\u00bbReserva\u00bb _builder_version=\u00bb4.27.5&#8243; _module_preset=\u00bbdefault\u00bb custom_button=\u00bbon\u00bb custom_margin=\u00bb20px||20px||false|false\u00bb global_colors_info=\u00bb{}\u00bb][\/et_pb_button][\/et_pb_column][\/et_pb_row][et_pb_row _builder_version=\u00bb4.27.5&#8243; _module_preset=\u00bbdefault\u00bb global_colors_info=\u00bb{}\u00bb][et_pb_column type=\u00bb4_4&#8243; _builder_version=\u00bb4.27.5&#8243; _module_preset=\u00bbdefault\u00bb global_colors_info=\u00bb{}\u00bb][et_pb_text _builder_version=\u00bb4.27.5&#8243; _module_preset=\u00bbdefault\u00bb text_font=\u00bb|600|||||||\u00bb text_font_size=\u00bb18px\u00bb text_line_height=\u00bb1.4em\u00bb text_orientation=\u00bbcenter\u00bb custom_margin=\u00bb||0px||false|false\u00bb global_colors_info=\u00bb{}\u00bb]<\/p>\n<p>Idioma de las experiencias: Catal\u00e1n \/ Castellano \/ Ingl\u00e9s<\/p>\n<p>[\/et_pb_text][et_pb_text _builder_version=\u00bb4.27.5&#8243; _module_preset=\u00bbdefault\u00bb text_font_size=\u00bb18px\u00bb text_orientation=\u00bbcenter\u00bb custom_margin=\u00bb||0px||false|false\u00bb global_colors_info=\u00bb{}\u00bb]<\/p>\n<p>Aforo: de 2 a 8 personas. Aceptamos mascotas. <\/p>\n<p>[\/et_pb_text][et_pb_text _builder_version=\u00bb4.27.5&#8243; _module_preset=\u00bbdefault\u00bb link_font=\u00bb&#8211;et_global_body_font||||||||\u00bb link_text_color=\u00bb#772928&#8243; link_font_size=\u00bb18px\u00bb text_orientation=\u00bbcenter\u00bb global_colors_info=\u00bb{}\u00bb]<\/p>\n<p>\ud83d\udccd <a href=\"https:\/\/maps.app.goo.gl\/PP4P1dC2pRr7tWJS7\" target=\"_blank\" rel=\"noopener\">Aparcamiento y punto de inicio de la visita<\/a><\/p>\n<p>[\/et_pb_text][\/et_pb_column][\/et_pb_row][\/et_pb_section][et_pb_section fb_built=\u00bb1&#8243; custom_padding_last_edited=\u00bbon|phone\u00bb admin_label=\u00bbFormulari\u00bb module_id=\u00bbreserva\u00bb _builder_version=\u00bb4.27.5&#8243; _module_preset=\u00bbdefault\u00bb background_color=\u00bbrgba(234,234,234,0.3)\u00bb custom_padding=\u00bb||60px||false|false\u00bb custom_padding_tablet=\u00bb0px||60px||false|false\u00bb custom_padding_phone=\u00bb||30px||false|false\u00bb locked=\u00bboff\u00bb global_colors_info=\u00bb{}\u00bb][et_pb_row _builder_version=\u00bb4.27.5&#8243; _module_preset=\u00bbdefault\u00bb width=\u00bb60%\u00bb width_tablet=\u00bb80%\u00bb width_phone=\u00bb80%\u00bb width_last_edited=\u00bbon|tablet\u00bb custom_padding=\u00bb30px||30px||true|false\u00bb locked=\u00bboff\u00bb global_colors_info=\u00bb{}\u00bb][et_pb_column type=\u00bb4_4&#8243; _builder_version=\u00bb4.27.4&#8243; _module_preset=\u00bbdefault\u00bb global_colors_info=\u00bb{}\u00bb][et_pb_text admin_label=\u00bbText\u00bb _builder_version=\u00bb4.27.5&#8243; _module_preset=\u00bbdefault\u00bb header_2_text_align=\u00bbcenter\u00bb header_2_text_color=\u00bb#772928&#8243; header_2_font_size=\u00bb40px\u00bb custom_margin=\u00bb||20px||false|false\u00bb header_2_text_align_tablet=\u00bbleft\u00bb header_2_text_align_phone=\u00bbleft\u00bb header_2_text_align_last_edited=\u00bbon|phone\u00bb header_2_font_size_tablet=\u00bb30px\u00bb header_2_font_size_phone=\u00bb28px\u00bb header_2_font_size_last_edited=\u00bbon|phone\u00bb text_orientation_last_edited=\u00bboff|phone\u00bb global_colors_info=\u00bb{}\u00bb]<\/p>\n<h2>Reserva tu experiencia<\/h2>\n<p>[\/et_pb_text][et_pb_text admin_label=\u00bbText\u00bb _builder_version=\u00bb4.27.5&#8243; _module_preset=\u00bbdefault\u00bb text_orientation=\u00bbcenter\u00bb text_orientation_tablet=\u00bbleft\u00bb text_orientation_phone=\u00bbleft\u00bb text_orientation_last_edited=\u00bbon|tablet\u00bb global_colors_info=\u00bb{}\u00bb]<\/p>\n<p>Para reservar su experiencia, por favor, env\u00edenos la solicitud de reserva o contacta directamente con nosotros a hola@ajv.wine o al +34 613018050.<\/p>\n<p>Visitas de <strong>lunes a s\u00e1bado a las 10h, 12h y 16h<\/strong> .<br \/> Domingos y festivos seg\u00fan disponibilidad.<\/p>\n<p>[\/et_pb_text][et_pb_text _builder_version=\u00bb4.27.6&#8243; _module_preset=\u00bbdefault\u00bb hover_enabled=\u00bb0&#8243; text_orientation_tablet=\u00bbleft\u00bb text_orientation_last_edited=\u00bboff|desktop\u00bb global_colors_info=\u00bb{}\u00bb sticky_enabled=\u00bb0&#8243;]<\/p>\n<div class=\"forminator-ui forminator-custom-form forminator-custom-form-5893 forminator-design--material  forminator_ajax\" data-forminator-render=\"0\" data-form=\"forminator-module-5893\" data-uid=\"69f58371e34d3\"><br\/><\/div><form\n\t\t\t\tid=\"forminator-module-5893\"\n\t\t\t\tclass=\"forminator-ui forminator-custom-form forminator-custom-form-5893 forminator-design--material  forminator_ajax\"\n\t\t\t\tmethod=\"post\"\n\t\t\t\tdata-forminator-render=\"0\"\n\t\t\t\tdata-form-id=\"5893\"\n\t\t\t\t data-color-option=\"theme\" data-design=\"material\" data-grid=\"open\" style=\"display: none;\"\n\t\t\t\tdata-uid=\"69f58371e34d3\"\n\t\t\t><div role=\"alert\" aria-live=\"polite\" class=\"forminator-response-message forminator-error\" aria-hidden=\"true\"><\/div><div class=\"forminator-row\"><div id=\"name-1\" class=\"forminator-field-name forminator-col forminator-col-12 \"><div class=\"forminator-row forminator-no-margin\" data-multiple=\"true\"><div class=\"forminator-col forminator-col-md-6\"><div class=\"forminator-field\"><label for=\"forminator-field-first-name-1_69f58371e34d3\" id=\"forminator-field-first-name-1_69f58371e34d3-label\" class=\"forminator-label\">Nombre <span class=\"forminator-required\">*<\/span><\/label><input type=\"text\" name=\"name-1-first-name\" placeholder=\"\" id=\"forminator-field-first-name-1_69f58371e34d3\" class=\"forminator-input\" aria-required=\"true\" data-multi=\"1\" autocomplete=\"given-name\" value=\"\" \/><\/div><\/div><div class=\"forminator-col forminator-col-md-6\"><div class=\"forminator-field\"><label for=\"forminator-field-last-name-1_69f58371e34d3\" id=\"forminator-field-last-name-1_69f58371e34d3-label\" class=\"forminator-label\">Apellidos<\/label><input type=\"text\" name=\"name-1-last-name\" placeholder=\"\" id=\"forminator-field-last-name-1_69f58371e34d3\" class=\"forminator-input\" aria-required=\"false\" data-multi=\"1\" autocomplete=\"family-name\" value=\"\" \/><\/div><\/div><\/div><\/div><\/div><div class=\"forminator-row\"><div id=\"email-1\" class=\"forminator-field-email forminator-col forminator-col-6 \"><div class=\"forminator-field\"><label for=\"forminator-field-email-1_69f58371e34d3\" id=\"forminator-field-email-1_69f58371e34d3-label\" class=\"forminator-label\">Email <span class=\"forminator-required\">*<\/span><\/label><input type=\"email\" name=\"email-1\" value=\"\" placeholder=\"\" id=\"forminator-field-email-1_69f58371e34d3\" class=\"forminator-input forminator-email--field\" data-required=\"1\" aria-required=\"true\" autocomplete=\"email\" \/><\/div><\/div><div id=\"phone-1\" class=\"forminator-field-phone forminator-col forminator-col-6 \"><div class=\"forminator-field\"><label for=\"forminator-field-phone-1_69f58371e34d3\" id=\"forminator-field-phone-1_69f58371e34d3-label\" class=\"forminator-label\">Tel\u00e9fono de contacto <span class=\"forminator-required\">*<\/span><\/label><input type=\"text\" name=\"phone-1\" value=\"\" placeholder=\"\" id=\"forminator-field-phone-1_69f58371e34d3\" class=\"forminator-input forminator-field--phone\" data-required=\"1\" aria-required=\"true\" autocomplete=\"off\" \/><\/div><\/div><\/div><div class=\"forminator-row\"><div id=\"date-1\" class=\"forminator-field-date forminator-col forminator-col-6 \"><div class=\"forminator-field\"><label for=\"forminator-field-date-1-picker_69f58371e34d3\" id=\"forminator-field-date-1-picker_69f58371e34d3-label\" class=\"forminator-label\">Fecha <span class=\"forminator-required\">*<\/span><\/label><input autocomplete=\"off\" type=\"text\" size=\"1\" name=\"date-1\" value=\"\" placeholder=\"Elije una fecha\" id=\"forminator-field-date-1-picker_69f58371e34d3\" class=\"forminator-input forminator-datepicker\" data-required=\"1\" data-format=\"dd\/mm\/yy\" data-restrict-type=\"\" data-restrict=\"\" data-start-year=\"1926\" data-end-year=\"2126\" data-past-dates=\"enable\" data-start-of-week=\"1\" data-start-date=\"\" data-end-date=\"\" data-start-field=\"\" data-end-field=\"\" data-start-offset=\"\" data-end-offset=\"\" data-disable-date=\"\" data-disable-range=\"\" \/><\/div><\/div><div id=\"select-3\" class=\"forminator-field-select forminator-col forminator-col-6 \"><div class=\"forminator-field\"><label for=\"forminator-form-5893__field--select-3_69f58371e34d3\" id=\"forminator-form-5893__field--select-3_69f58371e34d3-label\" class=\"forminator-label\">Hora deseada <span class=\"forminator-required\">*<\/span><\/label><select multiple id=\"forminator-form-5893__field--select-3_69f58371e34d3\" class=\"forminator-select--field forminator-select2 forminator-select2-multiple\" data-required=\"1\" name=\"select-3[]\" data-default-value=\"\" data-hidden-behavior=\"zero\" data-placeholder=\"Elije hora\" data-search=\"false\" data-search-placeholder=\"Search\" data-checkbox=\"false\" data-allow-clear=\"true\" aria-labelledby=\"forminator-form-5893__field--select-3_69f58371e34d3-label\"><option value=\"one\"  data-calculation=\"0\">10h<\/option><option value=\"two\"  data-calculation=\"0\">12h<\/option><option value=\"16:30h\"  data-calculation=\"0\">16h<\/option><\/select><\/div><\/div><\/div><div class=\"forminator-row\"><div id=\"number-1\" class=\"forminator-field-number forminator-col forminator-col-6 \"><div class=\"forminator-field\"><label for=\"forminator-field-number-1_69f58371e34d3\" id=\"forminator-field-number-1_69f58371e34d3-label\" class=\"forminator-label\">Participantes <span class=\"forminator-required\">*<\/span><\/label><input name=\"number-1\" value=\"\" placeholder=\"\" id=\"forminator-field-number-1_69f58371e34d3\" class=\"forminator-input forminator-number--field\" inputmode=\"decimal\" data-required=\"1\" data-decimals=\"0\" aria-required=\"true\" data-inputmask=\"&#039;groupSeparator&#039;: &#039;&#039;, &#039;radixPoint&#039;: &#039;&#039;, &#039;digits&#039;: &#039;0&#039;\" data-hidden-behavior=\"zero\" type=\"number\" step=\"any\" min=\"1\" max=\"150\" aria-describedby=\"forminator-field-number-1_69f58371e34d3-description\" \/><span id=\"forminator-field-number-1_69f58371e34d3-description\" class=\"forminator-description\">(Adultos)<\/span><\/div><\/div><div id=\"number-2\" class=\"forminator-field-number forminator-col forminator-col-6 \"><div class=\"forminator-field\"><label for=\"forminator-field-number-2_69f58371e34d3\" id=\"forminator-field-number-2_69f58371e34d3-label\" class=\"forminator-label\">Ni\u00f1os<\/label><input name=\"number-2\" value=\"\" placeholder=\"\" id=\"forminator-field-number-2_69f58371e34d3\" class=\"forminator-input forminator-number--field\" inputmode=\"decimal\" data-required=\"\" data-decimals=\"0\" aria-required=\"false\" data-inputmask=\"&#039;groupSeparator&#039;: &#039;&#039;, &#039;radixPoint&#039;: &#039;&#039;, &#039;digits&#039;: &#039;0&#039;\" data-hidden-behavior=\"zero\" type=\"number\" step=\"any\" min=\"1\" max=\"150\" \/><\/div><\/div><\/div><div class=\"forminator-row\"><div id=\"select-2\" class=\"forminator-field-select forminator-col forminator-col-6 \"><div class=\"forminator-field\"><label for=\"forminator-form-5893__field--select-2_69f58371e34d3\" id=\"forminator-form-5893__field--select-2_69f58371e34d3-label\" class=\"forminator-label\">Elije la experiencia <span class=\"forminator-required\">*<\/span><\/label><select  id=\"forminator-form-5893__field--select-2_69f58371e34d3\" class=\"forminator-select--field forminator-select2 forminator-select2-multiple\" data-required=\"1\" name=\"select-2\" data-default-value=\"\" data-hidden-behavior=\"zero\" data-placeholder=\"Elije la experiencia\" data-search=\"false\" data-search-placeholder=\"Elije la experiencia\" data-checkbox=\"false\" data-allow-clear=\"false\" aria-labelledby=\"forminator-form-5893__field--select-2_69f58371e34d3-label\"><option value=\"\"  >Elije la experiencia<\/option><option value=\"one\"  data-calculation=\"0\">Cata en el paraje Tentiber<\/option><option value=\"two\"  data-calculation=\"0\">Tentiber Premium Trek<\/option><option value=\"Descobreix-els-vins-d&#039;Alicia-i-Josep\"  data-calculation=\"0\">Descubre los vins de Alicia y Josep<\/option><option value=\"Vins-de-paratge-excepcionals---El-nostre-origen\"  data-calculation=\"0\">Vinos de paraje excepcionales: nuestro origen<\/option><\/select><\/div><\/div><div id=\"select-1\" class=\"forminator-field-select forminator-col forminator-col-6 \"><div class=\"forminator-field\"><label for=\"forminator-form-5893__field--select-1_69f58371e34d3\" id=\"forminator-form-5893__field--select-1_69f58371e34d3-label\" class=\"forminator-label\">Idioma <span class=\"forminator-required\">*<\/span><\/label><select  id=\"forminator-form-5893__field--select-1_69f58371e34d3\" class=\"forminator-select--field forminator-select2 forminator-select2-multiple\" data-required=\"1\" name=\"select-1\" data-default-value=\"\" data-hidden-behavior=\"zero\" data-placeholder=\"Elije el idioma\" data-search=\"false\" data-search-placeholder=\"Elije el idioma\" data-checkbox=\"false\" data-allow-clear=\"false\" aria-labelledby=\"forminator-form-5893__field--select-1_69f58371e34d3-label\"><option value=\"\"  >Elije el idioma<\/option><option value=\"one\"  data-calculation=\"0\">Catal\u00e1n<\/option><option value=\"two\"  data-calculation=\"0\">Castellano<\/option><option value=\"Angl\u00e8s\"  data-calculation=\"0\">Ingl\u00e9s<\/option><\/select><\/div><\/div><\/div><div class=\"forminator-row\"><div id=\"textarea-1\" class=\"forminator-field-textarea forminator-col forminator-col-12 \"><div class=\"forminator-field\"><label for=\"forminator-field-textarea-1_69f58371e34d3\" id=\"forminator-field-textarea-1_69f58371e34d3-label\" class=\"forminator-label\">\u00bfQuieres a\u00f1adir algo?<\/label><textarea name=\"textarea-1\" placeholder=\"\" id=\"forminator-field-textarea-1_69f58371e34d3\" class=\"forminator-textarea\" rows=\"6\" style=\"--forminator-textarea-min-height:140px;\" aria-describedby=\"forminator-field-textarea-1_69f58371e34d3-description\" ><\/textarea><span id=\"forminator-field-textarea-1_69f58371e34d3-description\" class=\"forminator-description\">Datos opcionales \/ restricciones alimentarias \/ informaci\u00f3n sobre alojamientos y restaurantes...<\/span><\/div><\/div><\/div><div class=\"forminator-row\"><div id=\"checkbox-1\" class=\"forminator-field-checkbox forminator-col forminator-col-12 \"><div role=\"group\" class=\"forminator-field\" aria-labelledby=\"forminator-checkbox-group-forminator-field-checkbox-1-69f58371e34d3-label\"><span id=\"forminator-checkbox-group-forminator-field-checkbox-1-69f58371e34d3-label\" class=\"forminator-label\">Elije un suplemento<\/span><label id=\"forminator-field-checkbox-1-1-69f58371e34d3-label\" for=\"forminator-field-checkbox-1-1-69f58371e34d3\" class=\"forminator-checkbox\" title=\"Tarjeta regalo\"><input type=\"checkbox\" name=\"checkbox-1[]\" value=\"one\" id=\"forminator-field-checkbox-1-1-69f58371e34d3\" aria-labelledby=\"forminator-field-checkbox-1-1-69f58371e34d3-label\" data-calculation=\"0\"   data-hidden-behavior=\"zero\"\/><span class=\"forminator-checkbox-box\" aria-hidden=\"true\"><\/span><span class=\"forminator-checkbox-label\">Tarjeta regalo<\/span><\/label><\/div><\/div><\/div><div class=\"forminator-row\"><div id=\"consent-1\" class=\"forminator-field-consent forminator-col forminator-col-12 \"><div class=\"forminator-field\"><div class=\"forminator-checkbox__wrapper\"><label id=\"forminator-field-consent-1_69f58371e34d3__label\" class=\"forminator-checkbox forminator-consent\"><input type=\"checkbox\" name=\"consent-1\" id=\"forminator-field-consent-1_69f58371e34d3\" value=\"checked\" aria-labelledby=\"forminator-field-consent-1_69f58371e34d3-label\" aria-describedby=\"forminator-field-consent-1_69f58371e34d3__description\" data-required=\"true\" aria-required=\"true\" \/><span class=\"forminator-checkbox-box\" aria-hidden=\"true\"><\/span><\/label><div id=\"forminator-field-consent-1_69f58371e34d3__description\" class=\"forminator-checkbox__label forminator-consent__label\"><p>Acepto la Pol\u00edtica de Privacidad&nbsp;<\/p><\/div><\/div><\/div><\/div><\/div><div class=\"forminator-row\"><div id=\"consent-2\" class=\"forminator-field-consent forminator-col forminator-col-12 \"><div class=\"forminator-field\"><div class=\"forminator-checkbox__wrapper\"><label id=\"forminator-field-consent-2_69f58371e34d3__label\" class=\"forminator-checkbox forminator-consent\"><input type=\"checkbox\" name=\"consent-2\" id=\"forminator-field-consent-2_69f58371e34d3\" value=\"checked\" aria-labelledby=\"forminator-field-consent-2_69f58371e34d3-label\" aria-describedby=\"forminator-field-consent-2_69f58371e34d3__description\" data-required=\"false\" aria-required=\"false\" \/><span class=\"forminator-checkbox-box\" aria-hidden=\"true\"><\/span><\/label><div id=\"forminator-field-consent-2_69f58371e34d3__description\" class=\"forminator-checkbox__label forminator-consent__label\"><p>Acepto recibir la Newsletter<\/p><\/div><\/div><\/div><\/div><\/div><input type=\"hidden\" name=\"referer_url\" value=\"\" \/><div class=\"forminator-row forminator-row-last\"><div class=\"forminator-col\"><div class=\"forminator-field\"><button class=\"forminator-button forminator-button-submit\"><span>Enviar<\/span><span aria-hidden=\"true\"><\/span><\/button><\/div><\/div><\/div><input type=\"hidden\" id=\"forminator_nonce\" name=\"forminator_nonce\" value=\"b6e6e7fd36\" \/><input type=\"hidden\" name=\"_wp_http_referer\" value=\"\/es\/wp-json\/wp\/v2\/pages\/5889\" \/><input type=\"hidden\" name=\"form_id\" value=\"5893\"><input type=\"hidden\" name=\"page_id\" value=\"5889\"><input type=\"hidden\" name=\"form_type\" value=\"default\"><input type=\"hidden\" name=\"current_url\" value=\"https:\/\/ajv.wine\/es\/enoturismo\/\"><input type=\"hidden\" name=\"render_id\" value=\"0\"><input type=\"hidden\" name=\"action\" value=\"forminator_submit_form_custom-forms\"><\/form>\n<p>[\/et_pb_text][\/et_pb_column][\/et_pb_row][\/et_pb_section]<\/p>\n","protected":false},"excerpt":{"rendered":"<p>EnoturismoCont\u00e1ctanosVen a descubrir vinos excepcionales en el coraz\u00f3n del PrioratTe invitamos a conocer de cerca nuestro proyecto, Alicia y Josep Viticultors, nacido entre vi\u00f1edos y arraigado profundamente en el paisaje de Porrera. Disfrutar\u00e1s de una cata guiada entre vi\u00f1edos en nuestros parajes m\u00e1s singulares, donde nacen nuestros vinos de autor ecol\u00f3gicos. Cada visita es una [&hellip;]<\/p>\n","protected":false},"author":19,"featured_media":5282,"parent":0,"menu_order":2,"comment_status":"closed","ping_status":"closed","template":"","meta":{"_et_pb_use_builder":"on","_et_pb_old_content":"","_et_gb_content_width":"","inline_featured_image":false,"footnotes":""},"dipi_cpt_category":[],"class_list":["post-5889","page","type-page","status-publish","has-post-thumbnail","hentry"],"yoast_head":"<!-- This site is optimized with the Yoast SEO plugin v27.5 - https:\/\/yoast.com\/product\/yoast-seo-wordpress\/ -->\n<title>Enoturismo | Alicia i Josep Viticultors<\/title>\n<meta name=\"description\" content=\"Ven a descubrir vinos excepcionales en el coraz\u00f3n del Priorat. Te invitamos a conocer de cerca nuestro proyecto, nacido entre vi\u00f1edos.\" \/>\n<meta name=\"robots\" content=\"index, follow, max-snippet:-1, max-image-preview:large, max-video-preview:-1\" \/>\n<link rel=\"canonical\" href=\"https:\/\/ajv.wine\/enoturisme\/\" \/>\n<meta property=\"og:locale\" content=\"es_ES\" \/>\n<meta property=\"og:type\" content=\"article\" \/>\n<meta property=\"og:title\" content=\"Enoturismo | Alicia i Josep Viticultors\" \/>\n<meta property=\"og:description\" content=\"Ven a descubrir vinos excepcionales en el coraz\u00f3n del Priorat. Te invitamos a conocer de cerca nuestro proyecto, nacido entre vi\u00f1edos.\" \/>\n<meta property=\"og:url\" content=\"https:\/\/ajv.wine\/enoturisme\/\" \/>\n<meta property=\"og:site_name\" content=\"Alicia i Josep Viticultors\" \/>\n<meta property=\"article:modified_time\" content=\"2026-04-02T14:02:29+00:00\" \/>\n<meta property=\"og:image\" content=\"https:\/\/ajv.wine\/wp-content\/uploads\/2025\/12\/Vinyes.jpg\" \/>\n\t<meta property=\"og:image:width\" content=\"2560\" \/>\n\t<meta property=\"og:image:height\" content=\"1707\" \/>\n\t<meta property=\"og:image:type\" content=\"image\/jpeg\" \/>\n<meta name=\"twitter:card\" content=\"summary_large_image\" \/>\n<meta name=\"twitter:label1\" content=\"Tiempo de lectura\" \/>\n\t<meta name=\"twitter:data1\" content=\"18 minutos\" \/>\n<script type=\"application\/ld+json\" class=\"yoast-schema-graph\">{\"@context\":\"https:\\\/\\\/schema.org\",\"@graph\":[{\"@type\":\"WebPage\",\"@id\":\"https:\\\/\\\/ajv.wine\\\/enoturisme\\\/\",\"url\":\"https:\\\/\\\/ajv.wine\\\/enoturisme\\\/\",\"name\":\"Enoturismo | Alicia i Josep Viticultors\",\"isPartOf\":{\"@id\":\"https:\\\/\\\/ajv.wine\\\/#website\"},\"primaryImageOfPage\":{\"@id\":\"https:\\\/\\\/ajv.wine\\\/enoturisme\\\/#primaryimage\"},\"image\":{\"@id\":\"https:\\\/\\\/ajv.wine\\\/enoturisme\\\/#primaryimage\"},\"thumbnailUrl\":\"https:\\\/\\\/ajv.wine\\\/wp-content\\\/uploads\\\/2025\\\/12\\\/Vinyes.jpg\",\"datePublished\":\"2026-04-02T13:38:41+00:00\",\"dateModified\":\"2026-04-02T14:02:29+00:00\",\"description\":\"Ven a descubrir vinos excepcionales en el coraz\u00f3n del Priorat. Te invitamos a conocer de cerca nuestro proyecto, nacido entre vi\u00f1edos.\",\"breadcrumb\":{\"@id\":\"https:\\\/\\\/ajv.wine\\\/enoturisme\\\/#breadcrumb\"},\"inLanguage\":\"es\",\"potentialAction\":[{\"@type\":\"ReadAction\",\"target\":[\"https:\\\/\\\/ajv.wine\\\/enoturisme\\\/\"]}]},{\"@type\":\"ImageObject\",\"inLanguage\":\"es\",\"@id\":\"https:\\\/\\\/ajv.wine\\\/enoturisme\\\/#primaryimage\",\"url\":\"https:\\\/\\\/ajv.wine\\\/wp-content\\\/uploads\\\/2025\\\/12\\\/Vinyes.jpg\",\"contentUrl\":\"https:\\\/\\\/ajv.wine\\\/wp-content\\\/uploads\\\/2025\\\/12\\\/Vinyes.jpg\",\"width\":2560,\"height\":1707},{\"@type\":\"BreadcrumbList\",\"@id\":\"https:\\\/\\\/ajv.wine\\\/enoturisme\\\/#breadcrumb\",\"itemListElement\":[{\"@type\":\"ListItem\",\"position\":1,\"name\":\"Inici\",\"item\":\"https:\\\/\\\/ajv.wine\\\/es\\\/inicio\\\/\"},{\"@type\":\"ListItem\",\"position\":2,\"name\":\"Enoturismo\"}]},{\"@type\":\"WebSite\",\"@id\":\"https:\\\/\\\/ajv.wine\\\/#website\",\"url\":\"https:\\\/\\\/ajv.wine\\\/\",\"name\":\"Alicia i Josep Viticultors\",\"description\":\"agricultura regenerativa\",\"potentialAction\":[{\"@type\":\"SearchAction\",\"target\":{\"@type\":\"EntryPoint\",\"urlTemplate\":\"https:\\\/\\\/ajv.wine\\\/?s={search_term_string}\"},\"query-input\":{\"@type\":\"PropertyValueSpecification\",\"valueRequired\":true,\"valueName\":\"search_term_string\"}}],\"inLanguage\":\"es\"}]}<\/script>\n<!-- \/ Yoast SEO plugin. -->","yoast_head_json":{"title":"Enoturismo | Alicia i Josep Viticultors","description":"Ven a descubrir vinos excepcionales en el coraz\u00f3n del Priorat. Te invitamos a conocer de cerca nuestro proyecto, nacido entre vi\u00f1edos.","robots":{"index":"index","follow":"follow","max-snippet":"max-snippet:-1","max-image-preview":"max-image-preview:large","max-video-preview":"max-video-preview:-1"},"canonical":"https:\/\/ajv.wine\/enoturisme\/","og_locale":"es_ES","og_type":"article","og_title":"Enoturismo | Alicia i Josep Viticultors","og_description":"Ven a descubrir vinos excepcionales en el coraz\u00f3n del Priorat. Te invitamos a conocer de cerca nuestro proyecto, nacido entre vi\u00f1edos.","og_url":"https:\/\/ajv.wine\/enoturisme\/","og_site_name":"Alicia i Josep Viticultors","article_modified_time":"2026-04-02T14:02:29+00:00","og_image":[{"width":2560,"height":1707,"url":"https:\/\/ajv.wine\/wp-content\/uploads\/2025\/12\/Vinyes.jpg","type":"image\/jpeg"}],"twitter_card":"summary_large_image","twitter_misc":{"Tiempo de lectura":"18 minutos"},"schema":{"@context":"https:\/\/schema.org","@graph":[{"@type":"WebPage","@id":"https:\/\/ajv.wine\/enoturisme\/","url":"https:\/\/ajv.wine\/enoturisme\/","name":"Enoturismo | Alicia i Josep Viticultors","isPartOf":{"@id":"https:\/\/ajv.wine\/#website"},"primaryImageOfPage":{"@id":"https:\/\/ajv.wine\/enoturisme\/#primaryimage"},"image":{"@id":"https:\/\/ajv.wine\/enoturisme\/#primaryimage"},"thumbnailUrl":"https:\/\/ajv.wine\/wp-content\/uploads\/2025\/12\/Vinyes.jpg","datePublished":"2026-04-02T13:38:41+00:00","dateModified":"2026-04-02T14:02:29+00:00","description":"Ven a descubrir vinos excepcionales en el coraz\u00f3n del Priorat. Te invitamos a conocer de cerca nuestro proyecto, nacido entre vi\u00f1edos.","breadcrumb":{"@id":"https:\/\/ajv.wine\/enoturisme\/#breadcrumb"},"inLanguage":"es","potentialAction":[{"@type":"ReadAction","target":["https:\/\/ajv.wine\/enoturisme\/"]}]},{"@type":"ImageObject","inLanguage":"es","@id":"https:\/\/ajv.wine\/enoturisme\/#primaryimage","url":"https:\/\/ajv.wine\/wp-content\/uploads\/2025\/12\/Vinyes.jpg","contentUrl":"https:\/\/ajv.wine\/wp-content\/uploads\/2025\/12\/Vinyes.jpg","width":2560,"height":1707},{"@type":"BreadcrumbList","@id":"https:\/\/ajv.wine\/enoturisme\/#breadcrumb","itemListElement":[{"@type":"ListItem","position":1,"name":"Inici","item":"https:\/\/ajv.wine\/es\/inicio\/"},{"@type":"ListItem","position":2,"name":"Enoturismo"}]},{"@type":"WebSite","@id":"https:\/\/ajv.wine\/#website","url":"https:\/\/ajv.wine\/","name":"Alicia i Josep Viticultors","description":"agricultura regenerativa","potentialAction":[{"@type":"SearchAction","target":{"@type":"EntryPoint","urlTemplate":"https:\/\/ajv.wine\/?s={search_term_string}"},"query-input":{"@type":"PropertyValueSpecification","valueRequired":true,"valueName":"search_term_string"}}],"inLanguage":"es"}]}},"_links":{"self":[{"href":"https:\/\/ajv.wine\/es\/wp-json\/wp\/v2\/pages\/5889","targetHints":{"allow":["GET"]}}],"collection":[{"href":"https:\/\/ajv.wine\/es\/wp-json\/wp\/v2\/pages"}],"about":[{"href":"https:\/\/ajv.wine\/es\/wp-json\/wp\/v2\/types\/page"}],"author":[{"embeddable":true,"href":"https:\/\/ajv.wine\/es\/wp-json\/wp\/v2\/users\/19"}],"replies":[{"embeddable":true,"href":"https:\/\/ajv.wine\/es\/wp-json\/wp\/v2\/comments?post=5889"}],"version-history":[{"count":4,"href":"https:\/\/ajv.wine\/es\/wp-json\/wp\/v2\/pages\/5889\/revisions"}],"predecessor-version":[{"id":5895,"href":"https:\/\/ajv.wine\/es\/wp-json\/wp\/v2\/pages\/5889\/revisions\/5895"}],"wp:featuredmedia":[{"embeddable":true,"href":"https:\/\/ajv.wine\/es\/wp-json\/wp\/v2\/media\/5282"}],"wp:attachment":[{"href":"https:\/\/ajv.wine\/es\/wp-json\/wp\/v2\/media?parent=5889"}],"wp:term":[{"taxonomy":"dipi_cpt_category","embeddable":true,"href":"https:\/\/ajv.wine\/es\/wp-json\/wp\/v2\/dipi_cpt_category?post=5889"}],"curies":[{"name":"wp","href":"https:\/\/api.w.org\/{rel}","templated":true}]}}